{"id":87,"date":"2012-06-13T08:03:28","date_gmt":"2012-06-13T08:03:28","guid":{"rendered":"http:\/\/www.manuelabergamin.ch\/?page_id=87"},"modified":"2026-01-18T10:37:45","modified_gmt":"2026-01-18T09:37:45","slug":"tarifs","status":"publish","type":"page","link":"https:\/\/www.manuelabergamin.ch\/?page_id=87","title":{"rendered":"Tarifs"},"content":{"rendered":"<p style=\"text-align: center;\"><a href=\"https:\/\/www.manuelabergamin.ch\/wp-content\/uploads\/2012\/06\/tarif.png\"><img loading=\"lazy\" decoding=\"async\" class=\"aligncenter size-full wp-image-241\" title=\"tarif\" src=\"https:\/\/www.manuelabergamin.ch\/wp-content\/uploads\/2012\/06\/tarif.png\" alt=\"\" width=\"105\" height=\"37\" \/><\/a><span style=\"font-family: trebuchet ms,geneva;\">Agr\u00e9\u00e9e par le RME et l\u2019Asca, reconnue par toutes les caisses-maladie compl\u00e9mentaires<\/span><\/p>\n<p>\u00a0 \u00a0 \u00a0 \u00a0 \u00a0 \u00a0 \u00a0 \u00a0 \u00a0 \u00a0 \u00a0 \u00a0Toute s\u00e9ance manqu\u00e9e ou non annul\u00e9e 24h \u00e0 l&rsquo;avance sera factur\u00e9e<\/p>\n<p>\u00a0<\/p>\n<p style=\"font-size: 18px; text-transform: uppercase;\"><span style=\"font-family: trebuchet ms,geneva;\"><strong>Tarifs des s\u00e9ances individuelles :<br \/><\/strong><\/span><\/p>\n<p><span style=\"font-family: trebuchet ms,geneva;\"><strong>Pour les enfants jusqu&rsquo;\u00e0 12 ans, r\u00e9duction de 20%\u00a0 <\/strong><\/span><\/p>\n<p><span style=\"font-family: trebuchet ms,geneva;\"><strong>pour les rentiers A.I. et AVS r\u00e9duction sur demande<\/strong><\/span><\/p>\n<p><span style=\"font-family: trebuchet ms,geneva;\"><span style=\"text-decoration: underline;\"><strong>Kin\u00e9siologie<\/strong><\/span><br \/>1<sup>\u00e8re<\/sup> s\u00e9ance\/1h30 : 160.- frs<br \/>S\u00e9ances suivantes\/1h \u00e0 1h10 : frs 130.- frs<\/span><\/p>\n<p>Parent-enfant (transfert si l&rsquo;enfant est trop jeune pour \u00eatre test\u00e9) : 1h \u00a0 130.-frs<\/p>\n<p><span style=\"font-family: trebuchet ms,geneva;\"><span style=\"text-decoration: underline;\"><strong>Massage\u00a0 Holistique aux Huiles Essentielles<\/strong><\/span><br \/>1<sup>\u00e8re<\/sup> s\u00e9ance\/1h30 : 160.- frs<br \/>S\u00e9ances suivantes\/env 1h10 : 130.-frs\u00a0<\/span><\/p>\n<p><span style=\"text-decoration: underline;\"><strong>Constellation individuelle<\/strong><\/span><\/p>\n<p>1h : \u00a0130.-frs \u00a0 \/ \u00a0 1h30 : 160.- frs<\/p>\n<p><span style=\"text-decoration: underline;\"><strong>Constellation en groupe<\/strong><\/span><\/p>\n<p>Jusqu&rsquo;\u00e0 juin 2026 paiement libre\u00a0<\/p>\n<p><span style=\"text-decoration: underline;\"><strong>Ecorituel<\/strong><\/span><\/p>\n<p>Individuel (comprend 1h \u00e0 1h30 d&rsquo;entretien, l&rsquo;\u00e9laboration du rituel, le rituel et environ 1\/2h de consultation d&rsquo;int\u00e9gration) \u00a0: \u00a0 380.-frs. \u00a0 \u00a0 \u00a0 \u00a0 Pour un groupe (\u00e0 partir de 2 personnes) tarif \u00e0 discuter.<\/p>\n<table style=\"border-collapse: collapse; width: 100%;\">\n<tbody>\n<tr>\n<td style=\"width: 100%;\">\n<h4 style=\"text-align: center;\">Manuela Bergamin \u2022 rue \u00a0du \u00a0Concert \u00a04 \u2022 2000 Neuch\u00e2tel \u2022 078\u00a0 860 20 97 \u2022 <a href=\"mailto:manuela@manuelabergamin.ch\">manuela@manuelabergamin.ch<\/a><\/h4>\n<\/td>\n<\/tr>\n<\/tbody>\n<\/table>\n\n\n<p><\/p>\n","protected":false},"excerpt":{"rendered":"<p>Agr\u00e9\u00e9e par le RME et l\u2019Asca, reconnue par toutes les caisses-maladie compl\u00e9mentaires \u00a0 \u00a0 \u00a0 \u00a0 \u00a0 \u00a0 \u00a0 \u00a0 \u00a0 \u00a0 \u00a0 \u00a0Toute s\u00e9ance manqu\u00e9e ou non annul\u00e9e 24h \u00e0 l&rsquo;avance sera factur\u00e9e \u00a0 Tarifs des s\u00e9ances individuelles : &hellip; <a class=\"more-link\" href=\"https:\/\/www.manuelabergamin.ch\/?page_id=87\">Lire la suite <span class=\"meta-nav\">&rarr;<\/span><\/a><\/p>\n","protected":false},"author":1,"featured_media":0,"parent":0,"menu_order":0,"comment_status":"closed","ping_status":"closed","template":"","meta":{"footnotes":""},"class_list":["post-87","page","type-page","status-publish","hentry"],"_links":{"self":[{"href":"https:\/\/www.manuelabergamin.ch\/index.php?rest_route=\/wp\/v2\/pages\/87","targetHints":{"allow":["GET"]}}],"collection":[{"href":"https:\/\/www.manuelabergamin.ch\/index.php?rest_route=\/wp\/v2\/pages"}],"about":[{"href":"https:\/\/www.manuelabergamin.ch\/index.php?rest_route=\/wp\/v2\/types\/page"}],"author":[{"embeddable":true,"href":"https:\/\/www.manuelabergamin.ch\/index.php?rest_route=\/wp\/v2\/users\/1"}],"replies":[{"embeddable":true,"href":"https:\/\/www.manuelabergamin.ch\/index.php?rest_route=%2Fwp%2Fv2%2Fcomments&post=87"}],"version-history":[{"count":39,"href":"https:\/\/www.manuelabergamin.ch\/index.php?rest_route=\/wp\/v2\/pages\/87\/revisions"}],"predecessor-version":[{"id":1006,"href":"https:\/\/www.manuelabergamin.ch\/index.php?rest_route=\/wp\/v2\/pages\/87\/revisions\/1006"}],"wp:attachment":[{"href":"https:\/\/www.manuelabergamin.ch\/index.php?rest_route=%2Fwp%2Fv2%2Fmedia&parent=87"}],"curies":[{"name":"wp","href":"https:\/\/api.w.org\/{rel}","templated":true}]}}